{"id":34,"date":"2013-09-17T10:12:24","date_gmt":"2013-09-17T10:12:24","guid":{"rendered":"http:\/\/localhost\/wordpress\/?page_id=34"},"modified":"2026-03-27T08:40:06","modified_gmt":"2026-03-27T07:40:06","slug":"letoltes","status":"publish","type":"page","link":"http:\/\/www.aranyjanos.edu.rs\/sr\/letoltes\/letoltes\/","title":{"rendered":"Zakoni i pravilnici"},"content":{"rendered":"<p><a href=\"https:\/\/www.paragraf.rs\/propisi\/zakon_o_osnovama_sistema_obrazovanja_i_vaspitanja.html\" target=\"_blank\" rel=\"noopener\"><strong>Zakon o osnovama sistema obrazovanja i vaspitanja:<\/strong><\/a><\/p>\n<p><a href=\"https:\/\/www.paragraf.rs\/propisi\/zakon_o_osnovnom_obrazovanju_i_vaspitanju.html\" target=\"_blank\" rel=\"noopener\"><strong>Zakon o osnovnom obrazovanju i vaspitanju:<\/strong> <\/a><\/p>\n<p><a href=\"https:\/\/www.paragraf.rs\/propisi\/zakon-o-javnim-nabavkama.html\" target=\"_blank\" rel=\"noopener\"><strong>Zakon o javnim nabavkama<\/strong><\/a><\/p>\n<p><a href=\"https:\/\/www.paragraf.rs\/propisi\/zakon_o_radu.html\" target=\"_blank\" rel=\"noopener\"><strong>Zakon o radu:<\/strong><\/a><\/p>\n<p><a href=\"https:\/\/www.paragraf.rs\/propisi\/poseban-kolektivni-ugovor-za-zaposlene-u-osnovnim-srednjim-skolama-domovima-ucenika.html\" target=\"_blank\" rel=\"noopener\"><strong>Poseban kolektivni ugovor za zaposlene u osnovnim i srednjim \u0161kolama i domovima u\u010denika:<\/strong><\/a><\/p>\n<p><a href=\"https:\/\/www.paragraf.rs\/propisi\/zakon_o_slobodnom_pristupu_informacijama_od_javnog_znacaja.html\" target=\"_blank\" rel=\"noopener\"><strong>Zakon o slobodnom pristupu informacijama od javnog zna\u010daja:<\/strong><\/a><\/p>\n<p><a href=\"https:\/\/www.paragraf.rs\/propisi\/zakon-o-rodnoj-ravnopravnosti.html\" target=\"_blank\" rel=\"noopener\"><strong>Zakon o rodnoj ravnopravnosti:<\/strong><\/a><\/p>\n<p><a href=\"https:\/\/www.paragraf.rs\/propisi\/zakon_o_bezbednosti_i_zdravlju_na_radu.html\" target=\"_blank\" rel=\"noopener\"><strong>Zakon o bezbednosti i zdravlju na radu:<\/strong><\/a><\/p>\n<p><a href=\"https:\/\/www.paragraf.rs\/propisi\/pravilnik-o-ocenjivanju-ucenika-u-osnovnom-obrazovanju-i-vaspitanju.html\" target=\"_blank\" rel=\"noopener\"><strong>Pravilnik o ocenjivanju u\u010denika:<\/strong><\/a><\/p>\n<p><a href=\"https:\/\/www.paragraf.rs\/propisi\/pravilnik-sadrzaju-nacinu-vodjenja-evidencije-izdavanju-javnih-isprava-os.html\" target=\"_blank\" rel=\"noopener\"><strong>Pravilnik o sadr\u017eaju i na\u010dinu vo\u0111enja evidencije i izdavanju javnih isprava u osnovnoj \u0161koli:<\/strong><\/a><\/p>\n<p><a href=\"https:\/\/www.puma.vojvodina.gov.rs\/dokumenti\/_obrazovanje\/skolski_kalendar\/2025_2026\/Pravilnik_osnovne.pdf\" target=\"_blank\" rel=\"noopener\"><strong>Pravilnik o \u0160kolskom kalendaru za \u0161kolsku 2025\/2026. godinu:<\/strong><\/a><\/p>\n<h3><strong>Dokumenti za preuzimanje:<\/strong><\/h3>\n<h4><a href=\"https:\/\/drive.google.com\/file\/d\/1ErqfQ96lry6B9EnbT5KCxVBBccxr5OB6\/view?usp=drive_link\"><strong>Statut O\u0161 &#8222;Aranj Jano\u0161&#8220; &#8211; Tre\u0161njevac<\/strong><\/a><\/h4>\n<h4><a href=\"https:\/\/docs.google.com\/document\/d\/19xdWJX2fFtAgmpDhj1xgNEgLY1w34uBv\/edit?usp=drive_link&amp;ouid=111855429920638321049&amp;rtpof=true&amp;sd=true\"><strong>Pravilnik o organizaciji i sistematizaciji poslova i radnih zadataka za \u0161kolsku 2025\/2026. godinu<\/strong><\/a><\/h4>\n<h4><strong><a href=\"https:\/\/docs.google.com\/document\/d\/1EzzyTFst-eiS252i_pULkJ4DVma-k9Yz\/edit?usp=drive_link&amp;ouid=111855429920638321049&amp;rtpof=true&amp;sd=true\" target=\"_blank\" rel=\"noopener\">Godi\u0161nji plan<\/a><\/strong><\/h4>\n<h4><a href=\"https:\/\/drive.google.com\/file\/d\/1VMvBdAM06wSUyWPtp7EkgkWhJG9Bnhgh\/view?usp=drive_link\" target=\"_blank\" rel=\"noopener\"><strong>Pravilnik o kancelarijskom poslovanju i arhivskoj gra\u0111i<\/strong><\/a><\/h4>\n<h4><strong><a href=\"https:\/\/drive.google.com\/file\/d\/17449pRF_Ckf-66ey4XLZbqu1hJXB1SE-\/view?usp=drive_link\">Pravilnik o internom stru\u010dnom usavr\u0161avanju i sticanju zvanja nastavnika i stru\u010dnog saradnika<\/a><\/strong><\/h4>\n<h4><strong><a href=\"https:\/\/drive.google.com\/file\/d\/17449pRF_Ckf-66ey4XLZbqu1hJXB1SE-\/view?usp=drive_link\">Pravilnik o pohvaljivanju i nagra\u0111ovanju u\u010denika<\/a><\/strong><\/h4>\n<h4><strong><a href=\"https:\/\/drive.google.com\/file\/d\/1esVLiMdspu9_7FlXCT8z5zvxbseEWiL0\/view?usp=sharing\">Pravilnik o poklonima zaposlenih<\/a><\/strong><\/h4>\n<h4><strong><a href=\"https:\/\/drive.google.com\/file\/d\/1esVLiMdspu9_7FlXCT8z5zvxbseEWiL0\/view?usp=sharing\">Pravilnik o postupanju sa primljenim ra\u010dunima<\/a><\/strong><\/h4>\n<h4><strong><a href=\"https:\/\/drive.google.com\/file\/d\/1AyN0VjK9vYp1Y7ouOp-TYEkt8lqBvMKM\/view?usp=drive_link\">Pravilnik o postupku izrade finansijskog plana<\/a><\/strong><\/h4>\n<h4><strong><a href=\"https:\/\/drive.google.com\/file\/d\/10p4hc7y2mQuiee4Nirr4H9n-TWYkRBmS\/view?usp=drive_link\">Pravilnik o radu \u0161kolske biblioteke<\/a><\/strong><\/h4>\n<h4><strong><a href=\"https:\/\/drive.google.com\/file\/d\/1Nk02RRgOBNtLV9ETQd4mKAyZ28LsE7rc\/view?usp=drive_link\">Pravilnik o radu<\/a><\/strong><\/h4>\n<h4><a href=\"https:\/\/drive.google.com\/file\/d\/11cmb2PR3Q_ZimuAzE2CRwEwWIMJ6ux5c\/view?usp=drive_link\">Pravilnik o unutra\u0161njem <strong>uzbunjivanju<\/strong><\/a><\/h4>\n<h4><strong><a href=\"https:\/\/drive.google.com\/file\/d\/1LUACw7fRWIhr5cTteiViCldyXBdMsRS4\/view?usp=drive_link\">Pravilnik o vaspitno-disciplinskoj odgovornosti u\u010denika<\/a><\/strong><\/h4>\n<h4><strong><a href=\"https:\/\/drive.google.com\/file\/d\/1LUACw7fRWIhr5cTteiViCldyXBdMsRS4\/view?usp=drive_link\">Pravilnik o za\u0161titi podataka o li\u010dnosti<\/a><\/strong><\/h4>\n<h4><strong><a href=\"https:\/\/docs.google.com\/document\/d\/1E8qrWekuYkCV4_8zBvYn3naNw6AzHvJn\/edit?usp=drive_link&amp;ouid=111855429920638321049&amp;rtpof=true&amp;sd=true\">\u0160kolski program 2023-2027<\/a><\/strong><\/h4>\n<h4><a href=\"https:\/\/docs.google.com\/document\/d\/1E2KBWYv3EEDLPfuOrOTyO4SC2Jq2Z90c\/edit?usp=drive_link&amp;ouid=111855429920638321049&amp;rtpof=true&amp;sd=true\">Izve\u0161taj direktora za 2024\/2025 godinu<\/a><\/h4>\n<h4><strong><a href=\"https:\/\/docs.google.com\/document\/d\/1cBqKV4VIvvgkRrei4ORNYTILLsfxjIv4\/edit?usp=sharing&amp;ouid=111855429920638321049&amp;rtpof=true&amp;sd=true\">Izve\u0161taj o radu ustanove na kraju 2024\/2025 godine<\/a><\/strong><\/h4>\n<h4><strong><a href=\"https:\/\/docs.google.com\/document\/d\/1wd9Yh2AyPKRtHwy_GSBDrRUuvVa8tYWT\/edit?usp=drive_link&amp;ouid=111855429920638321049&amp;rtpof=true&amp;sd=true\">Plan direktora Osnovne \u0161kole &#8222;Aranj Jano\u0161&#8220; za 2025\/2026 godinu<\/a><\/strong><\/h4>\n<h4><strong><a href=\"https:\/\/docs.google.com\/document\/d\/1JH09xRXnBXt0KN-BXUd0ZZAONHw1OU7y\/edit?usp=drive_link&amp;ouid=111855429920638321049&amp;rtpof=true&amp;sd=true\">Razvojni plan Osnovne \u0161kole &#8222;Aranj Jano\u0161&#8220; (2022-2026)<\/a><\/strong><\/h4>\n<h4><strong><a href=\"https:\/\/docs.google.com\/document\/d\/11boQOq3AAgJ2ThNMhaRkBceMKZ5U0_Z8\/edit?usp=drive_link&amp;ouid=111855429920638321049&amp;rtpof=true&amp;sd=true\">Razvojni plan ustanove za 2025\/2026<\/a><\/strong><\/h4>\n<h4><strong><a href=\"https:\/\/drive.google.com\/file\/d\/1lK68YOUMz4fBL9d6xSLkpNfj7Uw7DRAs\/view?usp=drive_link\">Odluka Nastavni\u010dkog ve\u0107a o izboru ud\u017ebenika za period od \u0161kolske 2026\/2027. do 2029\/2030.<\/a><\/strong><\/h4>\n<h4><a href=\"https:\/\/drive.google.com\/file\/d\/1sDnJdW9IYtY-vy0J098y05AqgBppNy7X\/view?usp=drive_web\" target=\"_blank\" rel=\"noopener\">Poslovnik o radu Nastavni\u010dkog ve\u0107a<\/a><\/h4>\n<h4><a href=\"https:\/\/drive.google.com\/file\/d\/1LAJk6tFF_SA8ZLJr-zJptCZny8qqJjVN\/view?usp=drive_web\" target=\"_blank\" rel=\"noopener\">Poslovnik o radu Saveta roditelja<\/a><\/h4>\n<h4><a href=\"https:\/\/docs.google.com\/document\/d\/19xdWJX2fFtAgmpDhj1xgNEgLY1w34uBv\/edit?usp=drive_link&amp;ouid=111855429920638321049&amp;rtpof=true&amp;sd=true\" target=\"_blank\" rel=\"noopener\">Poslovnik o radu U\u010deni\u010dkog parlamenta<\/a><\/h4>\n<h4><a href=\"https:\/\/drive.google.com\/file\/d\/19pM5yEbzPZ-8ZtdpcSnzfkmWtsB1GkVb\/view?usp=drive_web\" target=\"_blank\" rel=\"noopener\">Poslovnik o radu \u0160kolskog odbora<\/a><\/h4>\n<h4><a href=\"https:\/\/drive.google.com\/file\/d\/1T3jM3XCt_RoaLsIfjRv09C_GTyy3Hw8h\/view?usp=drive_web\" target=\"_blank\" rel=\"noopener\">Pravila pona\u0161anja u \u0161koli-Ku\u0107ni red<\/a><\/h4>\n<h4><a href=\"https:\/\/drive.google.com\/file\/d\/1YpeJfxz_z1AsXSvBMmOiiYyu-rCv6f0K\/view?usp=drive_web\" target=\"_blank\" rel=\"noopener\">Pravila za\u0161tite od po\u017eara<\/a><\/h4>\n<h4><a href=\"https:\/\/drive.google.com\/file\/d\/126h52v8f49t0w864dVohzom4Qo2-PE2q\/view?usp=drive_web\" target=\"_blank\" rel=\"noopener\">Pravilnik o bezbednosti i zdravlju na radu<\/a><\/h4>\n<p><a style=\"font-family: inherit; font-size: 18px; font-weight: bold; background-color: #ffffff;\" href=\"https:\/\/drive.google.com\/file\/d\/1XZqrt4IKwBzB30Dq3f9X9ygcaHfGwvXM\/view?usp=drive_web\" target=\"_blank\" rel=\"noopener\">Pravilnik o disciplinskoj i materijalnoj odgovornosti zaposlenih<\/a><\/p>\n<h4><strong><a href=\"https:\/\/prosveta.gov.rs\/wp-content\/uploads\/2025\/12\/Kalendar-takmicenja-i-smotri-ucenika-osnovnih-skola-za-skolsku-2025-2026-godinu-1.pdf\">Kalendar takmi\u010denja i smotri u\u010denika osnovnih \u0161kola za \u0161kolsku 2025\/2026 godinu<\/a><\/strong><\/h4>\n<h4><span style=\"color: #0000ff;\"><strong><a href=\"http:\/\/www.aranyjanos.edu.rs\/wp-content\/uploads\/2015\/09\/Iskolarend.pdf\" target=\"_blank\" rel=\"noopener noreferrer\"><span style=\"color: #0000ff;\">Ku\u0107ni red<\/span><\/a><\/strong><\/span><\/h4>\n<h4><a href=\"https:\/\/drive.google.com\/file\/d\/1w-1FcDh0zL1ItcjZCVYpp2cAyvB8xD-J\/view?usp=sharing\"><strong>Pravilnik o za\u0161titi dece u \u0161koli<\/strong><\/a><\/h4>\n<h4><strong><a href=\"https:\/\/drive.google.com\/file\/d\/1uFrc-D4HFiPw-yN1bIrzRmb4-zQYXip8\/view?usp=drive_link\">Pravilnik o postupku sprovo\u0111enja poja\u010danog vaspitnog rada<\/a><\/strong><\/h4>\n<h4><strong><a href=\"https:\/\/docs.google.com\/document\/d\/1FXJnKDhoM9dgukGkcV7rCxB-bfMrB1Sz\/edit?usp=drive_link&amp;ouid=111855429920638321049&amp;rtpof=true&amp;sd=true\">Akcioni plan za krizne doga\u0111aje<\/a><\/strong><\/h4>\n<p style=\"padding-left: 30px;\">&nbsp;<\/p>\n\n\n<p><\/p>\n","protected":false},"excerpt":{"rendered":"<p>Zakon o osnovama sistema obrazovanja i vaspitanja: Zakon o osnovnom obrazovanju i vaspitanju: Zakon o javnim nabavkama Zakon o radu: Poseban kolektivni ugovor za zaposlene u osnovnim i srednjim \u0161kolama i domovima u\u010denika: Zakon o slobodnom pristupu informacijama od javnog zna\u010daja: Zakon o rodnoj ravnopravnosti: Zakon o bezbednosti i zdravlju na radu: Pravilnik o ocenjivanju &hellip; <\/p>\n<p><a class=\"more-link btn\" href=\"http:\/\/www.aranyjanos.edu.rs\/sr\/letoltes\/letoltes\/\">Nastaviti \u010ditanje<\/a><\/p>\n","protected":false},"author":1,"featured_media":0,"parent":3055,"menu_order":710,"comment_status":"open","ping_status":"closed","template":"","meta":{"ngg_post_thumbnail":0,"footnotes":"","_links_to":"","_links_to_target":""},"class_list":["post-34","page","type-page","status-publish","hentry","nodate","item-wrap"],"_links":{"self":[{"href":"http:\/\/www.aranyjanos.edu.rs\/sr\/wp-json\/wp\/v2\/pages\/34","targetHints":{"allow":["GET"]}}],"collection":[{"href":"http:\/\/www.aranyjanos.edu.rs\/sr\/wp-json\/wp\/v2\/pages"}],"about":[{"href":"http:\/\/www.aranyjanos.edu.rs\/sr\/wp-json\/wp\/v2\/types\/page"}],"author":[{"embeddable":true,"href":"http:\/\/www.aranyjanos.edu.rs\/sr\/wp-json\/wp\/v2\/users\/1"}],"replies":[{"embeddable":true,"href":"http:\/\/www.aranyjanos.edu.rs\/sr\/wp-json\/wp\/v2\/comments?post=34"}],"version-history":[{"count":122,"href":"http:\/\/www.aranyjanos.edu.rs\/sr\/wp-json\/wp\/v2\/pages\/34\/revisions"}],"predecessor-version":[{"id":8266,"href":"http:\/\/www.aranyjanos.edu.rs\/sr\/wp-json\/wp\/v2\/pages\/34\/revisions\/8266"}],"up":[{"embeddable":true,"href":"http:\/\/www.aranyjanos.edu.rs\/sr\/wp-json\/wp\/v2\/pages\/3055"}],"wp:attachment":[{"href":"http:\/\/www.aranyjanos.edu.rs\/sr\/wp-json\/wp\/v2\/media?parent=34"}],"curies":[{"name":"wp","href":"https:\/\/api.w.org\/{rel}","templated":true}]}}